{"id":30,"date":"2019-10-30T08:05:16","date_gmt":"2019-10-30T08:05:16","guid":{"rendered":"https:\/\/demo.casethemes.net\/consultio-business2\/?page_id=30"},"modified":"2024-11-08T08:45:03","modified_gmt":"2024-11-08T13:45:03","slug":"equipo-editorial","status":"publish","type":"page","link":"https:\/\/revistaecuadorescalidad.agrocalidad.gob.ec\/inicio\/index.php\/equipo-editorial\/","title":{"rendered":"Equipo Editorial"},"content":{"rendered":"\t\t<div data-elementor-type=\"wp-page\" data-elementor-id=\"30\" class=\"elementor elementor-30\">\n\t\t\t\t\t\t<div class=\"elementor-inner\">\n\t\t\t\t<div class=\"elementor-section-wrap\">\n\t\t\t\t\t\t\t        <section class=\"elementor-section elementor-top-section elementor-element elementor-element-595e705 elementor-section-content-middle elementor-section-boxed elementor-section-height-default elementor-section-height-default\" data-id=\"595e705\" data-element_type=\"section\">\n            \n                        <div class=\"elementor-container elementor-column-gap-extended \">\n                            <div class=\"elementor-row\">\n                    <div class=\"elementor-column elementor-col-100 elementor-top-column elementor-element elementor-element-fbf6e39\" data-id=\"fbf6e39\" data-element_type=\"column\">\n            <div class=\"elementor-column-wrap elementor-element-populated\">\n                            <div class=\"elementor-widget-wrap\">\n                \t\t<div class=\"elementor-element elementor-element-64b4dfa elementor-widget elementor-widget-text-editor\" data-id=\"64b4dfa\" data-element_type=\"widget\" data-widget_type=\"text-editor.default\">\n\t\t\t\t<div class=\"elementor-widget-container\">\n\t\t\t\t\t\t\t\t<div class=\"elementor-text-editor elementor-clearfix\">\n\t\t\t\t<p><strong style=\"font-family: inherit; letter-spacing: 0px;\">Editor Principal\u00a0<\/strong><\/p><div class=\"page\" title=\"Page 1\"><div class=\"layoutArea\"><div class=\"column\"><p>Diego Javier Ja\u0301uregui Sierra<\/p><\/div><\/div><\/div><div class=\"page\" title=\"Page 1\"><div class=\"layoutArea\"><div class=\"column\"><div class=\"page\" title=\"Page 5\"><div class=\"layoutArea\"><div class=\"column\"><p>Agencia de Regulacio\u0301n y Control Fito y Zoosanitario<\/p><\/div><\/div><\/div><\/div><\/div><\/div><p>e-mail: <a href=\"mailto:diego.jauregui@agrocalidad.gob.ec\">diego.jauregui@agrocalidad.gob.ec<\/a><\/p><p>\u00a0<\/p><p><span style=\"font-weight: bolder;\">Editor de Secci\u00f3n de Sanidad Animal<\/span><\/p><div class=\"page\" title=\"Page 2\"><div class=\"layoutArea\"><div class=\"column\"><p>Vicente Arteaga<\/p><\/div><\/div><\/div><div class=\"page\" title=\"Page 2\"><div class=\"layoutArea\"><div class=\"column\"><p>Universidad Te\u0301cnica del Norte<\/p><\/div><\/div><\/div><p>e-mail: <a style=\"font-family: inherit; font-weight: inherit; background-color: #ffffff; letter-spacing: 0px;\" href=\"mailto:viaca1749@gmail.com\" target=\"_blank\" rel=\"noopener\">viaca1749@gmail.com<\/a><\/p><p>\u00a0<\/p><p><span style=\"font-weight: bolder;\">Editor de Secci\u00f3n de Sanidad Vegetal<\/span><\/p><div class=\"page\" title=\"Page 1\"><div class=\"layoutArea\"><div class=\"column\"><p>Washington Pruna Cordones<\/p><\/div><\/div><\/div><div class=\"page\" title=\"Page 1\"><div class=\"layoutArea\"><div class=\"column\"><p>Agencia de Regulacio\u0301n y Control Fito y Zoosanitario<\/p><\/div><\/div><\/div><p>e-mail:\u00a0<a style=\"font-family: inherit; font-weight: inherit; background-color: #ffffff; letter-spacing: 0px;\" href=\"mailto:washington.pruna@agrocalidad.gob.ec\" target=\"_blank\" rel=\"noopener\">washington.pruna@agrocalidad.gob.ec<\/a><\/p><p>\u00a0<\/p><p><span style=\"font-weight: bolder;\">Editor de Secci\u00f3n de Inocuidad de los Alimentos<\/span><\/p><div class=\"page\" title=\"Page 2\"><div class=\"layoutArea\"><div class=\"column\"><p>William Calero Ca\u0301ceres<\/p><\/div><\/div><\/div><div class=\"page\" title=\"Page 2\"><div class=\"layoutArea\"><div class=\"column\"><p>Universidad Te\u0301cnica de Ambato<\/p><\/div><\/div><\/div><p>e-mail: <a style=\"background-color: #ffffff;\" href=\"mailto:wr.calero@uta.edu.ec\">wr.calero@uta.edu.ec<\/a><\/p><p>\u00a0<\/p><p><strong>Miembros del Comit\u00e9 Editorial <\/strong><\/p><div class=\"page\" title=\"Page 3\"><div class=\"layoutArea\"><div class=\"column\"><p>Patricia de los A\u0301ngeles Garrido Haro<\/p><\/div><\/div><\/div><p>Coordinaci\u00f3n General de Laboratorios<\/p><p>Agencia de Regulaci\u00f3n y Control Fito y Zoosanitario<\/p><p>e-mail: <a href=\"mailto:patricia.garrido@agrocalidad.gob.ec\">patricia.garrido@agrocalidad.gob.ec<\/a><\/p><div class=\"page\" title=\"Page 4\"><div class=\"layoutArea\"><div class=\"column\"><p>\u00a0<\/p><p>Elsa Liliana Melo<\/p><\/div><\/div><\/div><div class=\"page\" title=\"Page 4\"><div class=\"layoutArea\"><div class=\"column\"><p>Supervisio\u0301n de laboratorios y coordinacio\u0301n de investigaciones<\/p><\/div><\/div><\/div><p>e-mail: <a href=\"mailto:elsa.melo@agrocalidad.gob.ec\">elsa.melo@agrocalidad.gob.ec<\/a><\/p><div class=\"page\" title=\"Page 4\"><div class=\"layoutArea\"><div class=\"column\"><p>\u00a0<\/p><p>Mari\u0301a Elena Rovalino<\/p><\/div><\/div><\/div><p>e-mail: <a href=\"mailto:maria.rovalino@agrocalidad.gob.ec\">maria.rovalino@agrocalidad.gob.ec<\/a><\/p><div class=\"page\" title=\"Page 4\"><div class=\"layoutArea\"><div class=\"column\"><p>\u00a0<\/p><p>Carlota Moreno<\/p><\/div><\/div><\/div><div class=\"page\" title=\"Page 4\"><div class=\"layoutArea\"><div class=\"column\"><p>Universidad UTE<\/p><\/div><\/div><\/div><p>e-mail: <a href=\"mailto:cmoreno@ute.edu.ec\">cmoreno@ute.edu.ec<\/a><\/p><div class=\"page\" title=\"Page 5\"><div class=\"layoutArea\"><div class=\"column\"><p>\u00a0<\/p><p>Mercy Falconi\u0301<\/p><\/div><\/div><\/div><p>Agencia de Regulaci\u00f3n y Control Fito y Zoosanitario<\/p><p>e-mail: <a href=\"mailto:mercy.falconi@agrocalidad.gob.ec\">mercy.falconi@agrocalidad.gob.ec<\/a><\/p><div class=\"page\" title=\"Page 5\"><div class=\"layoutArea\"><div class=\"column\"><p>\u00a0<\/p><p>Matilde Moreta<\/p><\/div><\/div><\/div><p>Agencia de Regulaci\u00f3n y Control Fito y Zoosanitario<\/p><p>e-mail: <a href=\"mailto:matilde.moreta@agrocalidad.gob.ec\">matilde.moreta@agrocalidad.gob.ec<\/a><\/p><div class=\"page\" title=\"Page 6\"><div class=\"layoutArea\"><div class=\"column\"><p>\u00a0<\/p><p>Jefferson Salazar<\/p><\/div><\/div><\/div><div class=\"page\" title=\"Page 6\"><div class=\"layoutArea\"><div class=\"column\"><p>Agencia de Regulacio\u0301n y Control Fito y Zoosanitario<\/p><\/div><\/div><\/div><p>e-mail: <a href=\"mailto:jeff.salazarba@gmail.com\">jeff.salazarba@gmail.com<\/a><\/p><div class=\"page\" title=\"Page 7\"><div class=\"layoutArea\"><div class=\"column\"><p>\u00a0<\/p><p>Cristina Cuesta<\/p><\/div><\/div><\/div><p>Agencia de Regulacio\u0301n y Control Fito y Zoosanitario<\/p><p>e-mail: <a style=\"font-family: inherit; font-weight: inherit; background-color: #ffffff; letter-spacing: 0px;\" href=\"mailto:cristina.cuesta@agrocalidad.gob.ec\" target=\"_blank\" rel=\"noopener\">cristina.cuesta@agrocalidad.gob.ec<\/a><\/p><div class=\"page\" title=\"Page 7\"><div class=\"layoutArea\"><div class=\"column\"><p>\u00a0<\/p><p>Marti\u0301n Rojas<\/p><\/div><\/div><\/div><div class=\"page\" title=\"Page 7\"><div class=\"layoutArea\"><div class=\"column\"><p>Agencia de Regulacio\u0301n y Control Fito y Zoosanitario<\/p><\/div><\/div><\/div><p>e-mail: <a style=\"font-family: inherit; font-weight: inherit; background-color: #ffffff; letter-spacing: 0px;\" href=\"mailto:mrojasbr8@gmail.com\" target=\"_blank\" rel=\"noopener\">mrojasbr8@gmail.com<\/a><\/p><div class=\"page\" title=\"Page 8\"><div class=\"layoutArea\"><div class=\"column\"><p>\u00a0<\/p><p>Alexis Naula<\/p><\/div><\/div><\/div><p>Agencia de Regulacio\u0301n y Control Fito y Zoosanitario<\/p><p>e-mail: <a href=\"mailto:alexisnaula07@hotmail.com\">alexisnaula07@hotmail.com<\/a><\/p><div class=\"page\" title=\"Page 8\"><div class=\"layoutArea\"><div class=\"column\"><p>\u00a0<\/p><p>Mariela Domi\u0301nguez<\/p><\/div><\/div><\/div><p>Agencia de Regulacio\u0301n y Control Fito y Zoosanitario<\/p><p>e-mail: <a style=\"font-family: inherit; font-weight: inherit; background-color: #ffffff; letter-spacing: 0px;\" href=\"mailto:mariela.dom\u00ednguez@agrocalidad.gob.ec\" target=\"_blank\" rel=\"noopener\">mariela.dom\u00ednguez@agrocalidad.gob.ec<\/a><\/p><div class=\"page\" title=\"Page 8\"><div class=\"layoutArea\"><div class=\"column\"><div class=\"page\" title=\"Page 9\"><div class=\"layoutArea\"><div class=\"column\"><p>\u00a0<\/p><p>Geovanna Amancha<\/p><\/div><\/div><\/div><\/div><\/div><\/div><p>Agencia de Regulacio\u0301n y Control Fito y Zoosanitario<\/p><p>e-mail: <a style=\"font-family: inherit; font-weight: inherit; background-color: #ffffff; letter-spacing: 0px;\" href=\"mailto:geovanna.amancha@agrocalidad.gob.ec\" target=\"_blank\" rel=\"noopener\">geovanna.amancha@agrocalidad.gob.ec<\/a><\/p><p>\u00a0<\/p><p><strong>Asistencia de Estilo<\/strong><\/p><p>Daniel Alejandro Acosta Herrera<\/p><p>Direcci\u00f3n de Comunicaci\u00f3n Social<\/p><p>Agencia de Regulaci\u00f3n y Control Fito y Zoosanitario<\/p><p>e-mail:\u00a0<a style=\"font-family: inherit; font-weight: inherit; background-color: #ffffff; letter-spacing: 0px;\" href=\"mailto:daniel.acosta@agrocalidad.gob.ec\" target=\"_blank\" rel=\"noopener\">daniel.acosta@agrocalidad.gob.ec<\/a><\/p><p>\u00a0<\/p><p><strong>Asistencia de Inform\u00e1tica<\/strong><\/p><p>Jeaneth Acero<\/p><p>Direcci\u00f3n de Tecnolog\u00edas de la Informaci\u00f3n<\/p><p>Agencia de Regulaci\u00f3n y Control Fito y Zoosanitario<\/p><p>Tel\u00e9fono: 02 3828860<\/p><p>e-mail: <a href=\"mailto:jeaneth.acero@agrocalidad.gob.ec\">jeaneth.acero@agrocalidad.gob.ec<\/a><\/p><p>\u00a0<\/p><p><strong>Soporte OJS<\/strong><\/p><p>Agencia de Regulaci\u00f3n y Control Fito y Zoosanitario<\/p><p>Coordinaci\u00f3n General de Laboratorios<\/p><p>\u00a0<\/p><p>\u00a0<\/p>\t\t\t\t\t<\/div>\n\t\t\t\t\t\t<\/div>\n\t\t\t\t<\/div>\n\t\t                <\/div>\n                    <\/div>\n        <\/div>\n                                <\/div>\n                    <\/div>\n        <\/section>\n        \t\t\t\t\t\t\t<\/div>\n\t\t\t<\/div>\n\t\t\t\t\t<\/div>\n\t\t","protected":false},"excerpt":{"rendered":"<p>Editor Principal\u00a0 Diego Javier Ja\u0301uregui Sierra Agencia de Regulacio\u0301n y Control Fito y Zoosanitario e-mail: diego.jauregui@agrocalidad.gob.ec \u00a0 Editor de Secci\u00f3n de Sanidad Animal Vicente Arteaga Universidad Te\u0301cnica del Norte e-mail: viaca1749@gmail.com \u00a0 Editor de Secci\u00f3n de Sanidad Vegetal Washington Pruna Cordones Agencia de Regulacio\u0301n y Control Fito y Zoosanitario e-mail:\u00a0washington.pruna@agrocalidad.gob.ec \u00a0 Editor de Secci\u00f3n de [&hellip;]<\/p>\n","protected":false},"author":1,"featured_media":0,"parent":0,"menu_order":0,"comment_status":"closed","ping_status":"closed","template":"","meta":[],"_links":{"self":[{"href":"https:\/\/revistaecuadorescalidad.agrocalidad.gob.ec\/inicio\/index.php\/wp-json\/wp\/v2\/pages\/30"}],"collection":[{"href":"https:\/\/revistaecuadorescalidad.agrocalidad.gob.ec\/inicio\/index.php\/wp-json\/wp\/v2\/pages"}],"about":[{"href":"https:\/\/revistaecuadorescalidad.agrocalidad.gob.ec\/inicio\/index.php\/wp-json\/wp\/v2\/types\/page"}],"author":[{"embeddable":true,"href":"https:\/\/revistaecuadorescalidad.agrocalidad.gob.ec\/inicio\/index.php\/wp-json\/wp\/v2\/users\/1"}],"replies":[{"embeddable":true,"href":"https:\/\/revistaecuadorescalidad.agrocalidad.gob.ec\/inicio\/index.php\/wp-json\/wp\/v2\/comments?post=30"}],"version-history":[{"count":44,"href":"https:\/\/revistaecuadorescalidad.agrocalidad.gob.ec\/inicio\/index.php\/wp-json\/wp\/v2\/pages\/30\/revisions"}],"predecessor-version":[{"id":7037,"href":"https:\/\/revistaecuadorescalidad.agrocalidad.gob.ec\/inicio\/index.php\/wp-json\/wp\/v2\/pages\/30\/revisions\/7037"}],"wp:attachment":[{"href":"https:\/\/revistaecuadorescalidad.agrocalidad.gob.ec\/inicio\/index.php\/wp-json\/wp\/v2\/media?parent=30"}],"curies":[{"name":"wp","href":"https:\/\/api.w.org\/{rel}","templated":true}]}}